{"id":363,"date":"2024-02-29T11:47:49","date_gmt":"2024-02-29T10:47:49","guid":{"rendered":"https:\/\/maramartin.es\/d-o-monterrei\/"},"modified":"2024-02-29T11:47:49","modified_gmt":"2024-02-29T10:47:49","slug":"d-o-monterrei","status":"publish","type":"page","link":"https:\/\/maramartin.es\/gl\/d-o-monterrei\/","title":{"rendered":"D.O. Monterrei"},"content":{"rendered":"<section class=\"l-section wpb_row us_custom_72a1b572 us_animate_this height_huge full_height valign_center\"><div class=\"l-section-h i-cf\"><div class=\"g-cols vc_row via_flex valign_middle type_default stacking_default\"><div class=\"vc_col-sm-12 wpb_column vc_column_container\"><div class=\"vc_column-inner\"><div class=\"wpb_wrapper\"><\/div><\/div><\/div><\/div><\/div><\/section><section class=\"l-section wpb_row us_custom_f2f9dc16 section-top height_huge width_custom\" style=\"--site-content-width:900px;\"><div class=\"l-section-h i-cf\"><div class=\"g-cols vc_row via_flex valign_top type_default stacking_default\"><div class=\"vc_col-sm-12 wpb_column vc_column_container\"><div class=\"vc_column-inner\"><div class=\"wpb_wrapper\"><h2 class=\"w-text us_custom_47474b22 titular-naranja us_animate_this\"><span class=\"w-text-h\"><span class=\"w-text-value\">MARA MART\u00cdN NACE NO CORAZ\u00d3N DE MONTERREI<\/span><\/span><\/h2><\/div><\/div><\/div><\/div><\/div><\/section><section class=\"l-section wpb_row us_custom_ac3be9eb height_huge\"><div class=\"l-section-h i-cf\"><div class=\"g-cols vc_row via_flex valign_top type_default stacking_default\"><div class=\"vc_col-sm-7 wpb_column vc_column_container\"><div class=\"vc_column-inner us_custom_878e173c\"><div class=\"wpb_wrapper\"><div class=\"w-separator us_custom_b2fdc721 us_animate_this hide_on_mobiles size_medium\"><\/div><div data-us-scroll=\"{&quot;from_initial_position&quot;:&quot;0&quot;,&quot;start_position&quot;:&quot;0%&quot;,&quot;end_position&quot;:&quot;100%&quot;,&quot;delay&quot;:&quot;0.1s&quot;,&quot;translate_y_direction&quot;:&quot;up&quot;,&quot;translate_y_speed&quot;:&quot;0.2x&quot;}\" class=\"w-image us_custom_d2b95407 has_scroll_effects has_translate_y align_none\"><div class=\"w-image-h\"><img decoding=\"async\" width=\"740\" height=\"561\" src=\"https:\/\/maramartin.es\/wp-content\/uploads\/2024\/03\/mara-martin-monterrei.jpg\" class=\"attachment-full size-full\" alt=\"\" loading=\"lazy\" srcset=\"https:\/\/maramartin.es\/wp-content\/uploads\/2024\/03\/mara-martin-monterrei.jpg 740w, https:\/\/maramartin.es\/wp-content\/uploads\/2024\/03\/mara-martin-monterrei-300x227.jpg 300w\" sizes=\"auto, (max-width: 740px) 100vw, 740px\" \/><\/div><\/div><\/div><\/div><\/div><div class=\"vc_col-sm-5 wpb_column vc_column_container has_bg_color\"><div class=\"vc_column-inner us_custom_0fdd9059\"><div class=\"wpb_wrapper\"><div class=\"wpb_text_column us_custom_ac253d02 us_animate_this\"><div class=\"wpb_wrapper\"><p>Monterrei \u00e9 unha localidade situada na provincia de Ourense, ao sueste de Galicia, que linda co norte de Portugal.<\/p>\n<p>O territorio da Denominaci\u00f3n de Orixe Monterrei pertence \u00e1 conca do r\u00edo Douro, onde desemboca o r\u00edo T\u00e1mega, que atravesa a rexi\u00f3n da denominaci\u00f3n de norte a sur.<\/p>\n<\/div><\/div><\/div><\/div><\/div><\/div><\/div><\/section><section class=\"l-section wpb_row us_custom_47d648a7 height_huge\"><div class=\"l-section-h i-cf\"><div class=\"g-cols vc_row via_flex valign_top type_default stacking_default\"><div class=\"vc_col-sm-12 wpb_column vc_column_container\"><div class=\"vc_column-inner us_custom_893958d7\"><div class=\"wpb_wrapper\"><div class=\"g-cols wpb_row us_custom_d872d5bf via_flex valign_top type_default stacking_default\"><div class=\"vc_col-sm-6 wpb_column vc_column_container col-venas-text stretched\"><div class=\"vc_column-inner us_custom_f27ff5c7\"><div class=\"vc_column-overlay\" style=\"background:var(--color-header-middle-text-hover)\"><\/div><div class=\"wpb_wrapper\"><h2 class=\"w-text us_custom_4cc7a376 titular-blanco us_animate_this\"><span class=\"w-text-h\"><span class=\"w-text-value\">CORRE POLAS S\u00daAS VEAS A ESENCIA DA GALICIA INTERIOR<\/span><\/span><\/h2><div class=\"w-separator hide_on_mobiles size_custom\" style=\"height:1rem\"><\/div><div class=\"wpb_text_column us_custom_e902e67e us_animate_this\"><div class=\"wpb_wrapper\"><p>A viticultura hist\u00f3rica e as variedades aut\u00f3ctonas da D.O. Monterrei dan como resultado vi\u00f1os moi elegantes, de car\u00e1cter froiteiro e cun corpo que combina tradici\u00f3n e modernidade cun profundo respecto pola contorna.<\/p>\n<p>Unha comarca de gran riqueza cultural, unha paisaxe ba\u00f1ada polas cores do vi\u00f1o e enriquecido pola s\u00faa historia e gastronom\u00eda. Cami\u00f1os centenarios, rutas de peregrinaci\u00f3n, arquitectura popular, montes interminables&#8230;<\/p>\n<\/div><\/div><\/div><\/div><\/div><div class=\"vc_col-sm-6 wpb_column vc_column_container\"><div class=\"vc_column-inner\"><div class=\"wpb_wrapper\"><\/div><\/div><\/div><\/div><\/div><\/div><\/div><\/div><\/div><\/section><section class=\"l-section wpb_row section-top height_huge width_custom\" style=\"--site-content-width:910px;\"><div class=\"l-section-h i-cf\"><div class=\"g-cols vc_row via_flex valign_top type_default stacking_default\"><div class=\"vc_col-sm-12 wpb_column vc_column_container\"><div class=\"vc_column-inner\"><div class=\"wpb_wrapper\"><div class=\"w-separator us_custom_944d785a us_animate_this hide_on_mobiles size_medium\"><\/div><div data-us-scroll=\"{&quot;from_initial_position&quot;:&quot;0&quot;,&quot;start_position&quot;:&quot;0%&quot;,&quot;end_position&quot;:&quot;100%&quot;,&quot;delay&quot;:&quot;0.2s&quot;,&quot;translate_y_direction&quot;:&quot;up&quot;,&quot;translate_y_speed&quot;:&quot;0.2x&quot;}\" class=\"w-image us_custom_d8925463 has_scroll_effects has_translate_y align_none\"><div class=\"w-image-h\"><img decoding=\"async\" width=\"950\" height=\"598\" src=\"https:\/\/maramartin.es\/wp-content\/uploads\/2024\/03\/clima-monterrei.jpg\" class=\"attachment-full size-full\" alt=\"\" loading=\"lazy\" srcset=\"https:\/\/maramartin.es\/wp-content\/uploads\/2024\/03\/clima-monterrei.jpg 950w, https:\/\/maramartin.es\/wp-content\/uploads\/2024\/03\/clima-monterrei-300x189.jpg 300w\" sizes=\"auto, (max-width: 950px) 100vw, 950px\" \/><\/div><\/div><div class=\"g-cols wpb_row us_custom_e1917975 via_flex valign_top type_default stacking_default\"><div class=\"vc_col-sm-6 wpb_column vc_column_container\"><div class=\"vc_column-inner us_custom_7deacd00\"><div class=\"wpb_wrapper\"><h2 class=\"w-text us_custom_7e20fa79 titular-naranja us_animate_this\"><span class=\"w-text-h\"><span class=\"w-text-value\">Clima<\/span><\/span><\/h2><div class=\"wpb_text_column us_custom_7c400da5 us_animate_this\"><div class=\"wpb_wrapper\"><p>O clima de Monterrei caracter\u00edzase pola s\u00faa tendencia continental. Iso trad\u00facese en ver\u00e1ns secos e con poucas precipitaci\u00f3ns, con altas diferenzas de temperatura entre o d\u00eda e a noite.<\/p>\n<p>As s\u00faas caracter\u00edsticas clim\u00e1ticas fan que sexa o territorio propicio para que a uva godello alcance a s\u00faa m\u00e1xima expresi\u00f3n.<\/p>\n<\/div><\/div><\/div><\/div><\/div><div class=\"vc_col-sm-6 wpb_column vc_column_container\"><div class=\"vc_column-inner us_custom_7deacd00\"><div class=\"wpb_wrapper\"><h2 class=\"w-text us_custom_47474b22 titular-naranja us_animate_this\"><span class=\"w-text-h\"><span class=\"w-text-value\">CHANS, VALES E LADEIRAS<\/span><\/span><\/h2><div class=\"wpb_text_column us_custom_0c28ce05 us_animate_this\"><div class=\"wpb_wrapper\"><p>O r\u00edo T\u00e1mega divide a comarca en d\u00faas zonas: val e ladeiras. Os vi\u00f1edos at\u00f3panse a 400-700m sobre o nivel do mar.<\/p>\n<p>Esta diferenciaci\u00f3n \u00e9 resultado dunha gran variedade de chans e orientaci\u00f3ns que, unido aos microclimas propios das zonas onde se atopan os vi\u00f1edos de ladeira, producen uns vi\u00f1os con caracter\u00edsticas moi diferenciadas e con gran complexidade arom\u00e1tica.<\/p>\n<\/div><\/div><\/div><\/div><\/div><\/div><\/div><\/div><\/div><\/div><\/div><\/section><section class=\"l-section wpb_row us_custom_ec0260a0 height_huge\"><div class=\"l-section-h i-cf\"><div class=\"g-cols vc_row via_flex valign_top type_default stacking_default\"><div class=\"vc_col-sm-12 wpb_column vc_column_container\"><div class=\"vc_column-inner\"><div class=\"wpb_wrapper\"><h2 class=\"w-text us_custom_df5f4c97 titular-naranja has_text_color\"><span class=\"w-text-h\"><span class=\"w-text-value\">CONVID\u00c1MOSTE A DESCUBRIR A NOSA TERRA, MONTERREI.<\/span><\/span><\/h2><div class=\"w-gallery type_grid action_popup_image ratio_1x1 count_6\" style=\"--columns:3;--items-gap:20px;\"><div class=\"w-gallery-list\"><div class=\"w-gallery-item\"><div class=\"w-gallery-item-img\"><img loading=\"lazy\" decoding=\"async\" width=\"1440\" height=\"960\" src=\"https:\/\/maramartin.es\/wp-content\/uploads\/2024\/03\/monterrei-mara-martin-1.jpg\" class=\"attachment-full size-full\" alt=\"\" srcset=\"https:\/\/maramartin.es\/wp-content\/uploads\/2024\/03\/monterrei-mara-martin-1.jpg 1440w, https:\/\/maramartin.es\/wp-content\/uploads\/2024\/03\/monterrei-mara-martin-1-300x200.jpg 300w, https:\/\/maramartin.es\/wp-content\/uploads\/2024\/03\/monterrei-mara-martin-1-1024x683.jpg 1024w\" sizes=\"auto, (max-width: 1440px) 100vw, 1440px\" \/><\/div><a class=\"w-gallery-item-link\" aria-label=\"monterrei-mara-martin-1\" href=\"https:\/\/maramartin.es\/wp-content\/uploads\/2024\/03\/monterrei-mara-martin-1.jpg\"><\/a><\/div><div class=\"w-gallery-item\"><div class=\"w-gallery-item-img\"><img loading=\"lazy\" decoding=\"async\" width=\"1440\" height=\"960\" src=\"https:\/\/maramartin.es\/wp-content\/uploads\/2024\/03\/monterrei-mara-martin-2.jpg\" class=\"attachment-full size-full\" alt=\"\" srcset=\"https:\/\/maramartin.es\/wp-content\/uploads\/2024\/03\/monterrei-mara-martin-2.jpg 1440w, https:\/\/maramartin.es\/wp-content\/uploads\/2024\/03\/monterrei-mara-martin-2-300x200.jpg 300w, https:\/\/maramartin.es\/wp-content\/uploads\/2024\/03\/monterrei-mara-martin-2-1024x683.jpg 1024w\" sizes=\"auto, (max-width: 1440px) 100vw, 1440px\" \/><\/div><a class=\"w-gallery-item-link\" aria-label=\"monterrei-mara-martin-2\" href=\"https:\/\/maramartin.es\/wp-content\/uploads\/2024\/03\/monterrei-mara-martin-2.jpg\"><\/a><\/div><div class=\"w-gallery-item\"><div class=\"w-gallery-item-img\"><img loading=\"lazy\" decoding=\"async\" width=\"1440\" height=\"960\" src=\"https:\/\/maramartin.es\/wp-content\/uploads\/2024\/03\/monterrei-mara-martin-3.jpg\" class=\"attachment-full size-full\" alt=\"\" srcset=\"https:\/\/maramartin.es\/wp-content\/uploads\/2024\/03\/monterrei-mara-martin-3.jpg 1440w, https:\/\/maramartin.es\/wp-content\/uploads\/2024\/03\/monterrei-mara-martin-3-300x200.jpg 300w, https:\/\/maramartin.es\/wp-content\/uploads\/2024\/03\/monterrei-mara-martin-3-1024x683.jpg 1024w\" sizes=\"auto, (max-width: 1440px) 100vw, 1440px\" \/><\/div><a class=\"w-gallery-item-link\" aria-label=\"monterrei-mara-martin-3\" href=\"https:\/\/maramartin.es\/wp-content\/uploads\/2024\/03\/monterrei-mara-martin-3.jpg\"><\/a><\/div><div class=\"w-gallery-item\"><div class=\"w-gallery-item-img\"><img loading=\"lazy\" decoding=\"async\" width=\"1440\" height=\"960\" src=\"https:\/\/maramartin.es\/wp-content\/uploads\/2024\/03\/monterrei-mara-martin-4-1.jpg\" class=\"attachment-full size-full\" alt=\"\" srcset=\"https:\/\/maramartin.es\/wp-content\/uploads\/2024\/03\/monterrei-mara-martin-4-1.jpg 1440w, https:\/\/maramartin.es\/wp-content\/uploads\/2024\/03\/monterrei-mara-martin-4-1-300x200.jpg 300w, https:\/\/maramartin.es\/wp-content\/uploads\/2024\/03\/monterrei-mara-martin-4-1-1024x683.jpg 1024w\" sizes=\"auto, (max-width: 1440px) 100vw, 1440px\" \/><\/div><a class=\"w-gallery-item-link\" aria-label=\"monterrei-mara-martin-4\" href=\"https:\/\/maramartin.es\/wp-content\/uploads\/2024\/03\/monterrei-mara-martin-4-1.jpg\"><\/a><\/div><div class=\"w-gallery-item\"><div class=\"w-gallery-item-img\"><img loading=\"lazy\" decoding=\"async\" width=\"1440\" height=\"960\" src=\"https:\/\/maramartin.es\/wp-content\/uploads\/2024\/03\/monterrei-mara-martin-5.jpg\" class=\"attachment-full size-full\" alt=\"\" srcset=\"https:\/\/maramartin.es\/wp-content\/uploads\/2024\/03\/monterrei-mara-martin-5.jpg 1440w, https:\/\/maramartin.es\/wp-content\/uploads\/2024\/03\/monterrei-mara-martin-5-300x200.jpg 300w, https:\/\/maramartin.es\/wp-content\/uploads\/2024\/03\/monterrei-mara-martin-5-1024x683.jpg 1024w\" sizes=\"auto, (max-width: 1440px) 100vw, 1440px\" \/><\/div><a class=\"w-gallery-item-link\" aria-label=\"monterrei-mara-martin-5\" href=\"https:\/\/maramartin.es\/wp-content\/uploads\/2024\/03\/monterrei-mara-martin-5.jpg\"><\/a><\/div><div class=\"w-gallery-item\"><div class=\"w-gallery-item-img\"><img loading=\"lazy\" decoding=\"async\" width=\"1440\" height=\"960\" src=\"https:\/\/maramartin.es\/wp-content\/uploads\/2024\/03\/monterrei-mara-martin-6.jpg\" class=\"attachment-full size-full\" alt=\"\" srcset=\"https:\/\/maramartin.es\/wp-content\/uploads\/2024\/03\/monterrei-mara-martin-6.jpg 1440w, https:\/\/maramartin.es\/wp-content\/uploads\/2024\/03\/monterrei-mara-martin-6-300x200.jpg 300w, https:\/\/maramartin.es\/wp-content\/uploads\/2024\/03\/monterrei-mara-martin-6-1024x683.jpg 1024w\" sizes=\"auto, (max-width: 1440px) 100vw, 1440px\" \/><\/div><a class=\"w-gallery-item-link\" aria-label=\"monterrei-mara-martin-6\" href=\"https:\/\/maramartin.es\/wp-content\/uploads\/2024\/03\/monterrei-mara-martin-6.jpg\"><\/a><\/div><\/div><\/div><\/div><\/div><\/div><\/div><\/div><\/section>\n","protected":false},"excerpt":{"rendered":"MARA MART\u00cdN NACE NO CORAZ\u00d3N DE MONTERREIMonterrei \u00e9 unha localidade situada na provincia de Ourense, ao sueste de Galicia, que linda co norte de Portugal. O territorio da Denominaci\u00f3n de Orixe Monterrei pertence \u00e1 conca do r\u00edo Douro, onde desemboca o r\u00edo T\u00e1mega, que atravesa a rexi\u00f3n da denominaci\u00f3n de norte a sur. CORRE POLAS...","protected":false},"author":1,"featured_media":0,"parent":0,"menu_order":0,"comment_status":"closed","ping_status":"closed","template":"","meta":{"footnotes":""},"class_list":["post-363","page","type-page","status-publish","hentry"],"yoast_head":"<!-- This site is optimized with the Yoast SEO plugin v27.5 - https:\/\/yoast.com\/product\/yoast-seo-wordpress\/ -->\n<title>Denominaci\u00f3n de Orixe Monterrei | Mara Mart\u00edn<\/title>\n<meta name=\"description\" content=\"O territorio da Denominaci\u00f3n de Orixe Monterrei pertence \u00e1 conca do r\u00edo Douro, onde desemboca o r\u00edo T\u00e1mega, que atravesa a rexi\u00f3n da denominaci\u00f3n de norte a sur.\" \/>\n<meta name=\"robots\" content=\"index, follow, max-snippet:-1, max-image-preview:large, max-video-preview:-1\" \/>\n<link rel=\"canonical\" href=\"https:\/\/maramartin.es\/gl\/d-o-monterrei\/\" \/>\n<meta property=\"og:locale\" content=\"gl_ES\" \/>\n<meta property=\"og:type\" content=\"article\" \/>\n<meta property=\"og:title\" content=\"Denominaci\u00f3n de Orixe Monterrei | Mara Mart\u00edn\" \/>\n<meta property=\"og:description\" content=\"O territorio da Denominaci\u00f3n de Orixe Monterrei pertence \u00e1 conca do r\u00edo Douro, onde desemboca o r\u00edo T\u00e1mega, que atravesa a rexi\u00f3n da denominaci\u00f3n de norte a sur.\" \/>\n<meta property=\"og:url\" content=\"https:\/\/maramartin.es\/gl\/d-o-monterrei\/\" \/>\n<meta property=\"og:site_name\" content=\"Mara Mart\u00edn\" \/>\n<meta name=\"twitter:card\" content=\"summary_large_image\" \/>\n<meta name=\"twitter:label1\" content=\"Tempo de lectura\" \/>\n\t<meta name=\"twitter:data1\" content=\"9 minutos\" \/>\n<script type=\"application\/ld+json\" class=\"yoast-schema-graph\">{\"@context\":\"https:\\\/\\\/schema.org\",\"@graph\":[{\"@type\":\"WebPage\",\"@id\":\"https:\\\/\\\/maramartin.es\\\/gl\\\/d-o-monterrei\\\/\",\"url\":\"https:\\\/\\\/maramartin.es\\\/gl\\\/d-o-monterrei\\\/\",\"name\":\"Denominaci\u00f3n de Orixe Monterrei | Mara Mart\u00edn\",\"isPartOf\":{\"@id\":\"https:\\\/\\\/maramartin.es\\\/#website\"},\"datePublished\":\"2024-02-29T10:47:49+00:00\",\"description\":\"O territorio da Denominaci\u00f3n de Orixe Monterrei pertence \u00e1 conca do r\u00edo Douro, onde desemboca o r\u00edo T\u00e1mega, que atravesa a rexi\u00f3n da denominaci\u00f3n de norte a sur.\",\"breadcrumb\":{\"@id\":\"https:\\\/\\\/maramartin.es\\\/gl\\\/d-o-monterrei\\\/#breadcrumb\"},\"inLanguage\":\"gl-ES\",\"potentialAction\":[{\"@type\":\"ReadAction\",\"target\":[\"https:\\\/\\\/maramartin.es\\\/gl\\\/d-o-monterrei\\\/\"]}]},{\"@type\":\"BreadcrumbList\",\"@id\":\"https:\\\/\\\/maramartin.es\\\/gl\\\/d-o-monterrei\\\/#breadcrumb\",\"itemListElement\":[{\"@type\":\"ListItem\",\"position\":1,\"name\":\"Portada\",\"item\":\"https:\\\/\\\/maramartin.es\\\/gl\\\/\"},{\"@type\":\"ListItem\",\"position\":2,\"name\":\"D.O. Monterrei\"}]},{\"@type\":\"WebSite\",\"@id\":\"https:\\\/\\\/maramartin.es\\\/#website\",\"url\":\"https:\\\/\\\/maramartin.es\\\/\",\"name\":\"Mara Mart\u00edn\",\"description\":\"Vino godello de la D.O. Monterrei\",\"potentialAction\":[{\"@type\":\"SearchAction\",\"target\":{\"@type\":\"EntryPoint\",\"urlTemplate\":\"https:\\\/\\\/maramartin.es\\\/?s={search_term_string}\"},\"query-input\":{\"@type\":\"PropertyValueSpecification\",\"valueRequired\":true,\"valueName\":\"search_term_string\"}}],\"inLanguage\":\"gl-ES\"}]}<\/script>\n<!-- \/ Yoast SEO plugin. -->","yoast_head_json":{"title":"Denominaci\u00f3n de Orixe Monterrei | Mara Mart\u00edn","description":"O territorio da Denominaci\u00f3n de Orixe Monterrei pertence \u00e1 conca do r\u00edo Douro, onde desemboca o r\u00edo T\u00e1mega, que atravesa a rexi\u00f3n da denominaci\u00f3n de norte a sur.","robots":{"index":"index","follow":"follow","max-snippet":"max-snippet:-1","max-image-preview":"max-image-preview:large","max-video-preview":"max-video-preview:-1"},"canonical":"https:\/\/maramartin.es\/gl\/d-o-monterrei\/","og_locale":"gl_ES","og_type":"article","og_title":"Denominaci\u00f3n de Orixe Monterrei | Mara Mart\u00edn","og_description":"O territorio da Denominaci\u00f3n de Orixe Monterrei pertence \u00e1 conca do r\u00edo Douro, onde desemboca o r\u00edo T\u00e1mega, que atravesa a rexi\u00f3n da denominaci\u00f3n de norte a sur.","og_url":"https:\/\/maramartin.es\/gl\/d-o-monterrei\/","og_site_name":"Mara Mart\u00edn","twitter_card":"summary_large_image","twitter_misc":{"Tempo de lectura":"9 minutos"},"schema":{"@context":"https:\/\/schema.org","@graph":[{"@type":"WebPage","@id":"https:\/\/maramartin.es\/gl\/d-o-monterrei\/","url":"https:\/\/maramartin.es\/gl\/d-o-monterrei\/","name":"Denominaci\u00f3n de Orixe Monterrei | Mara Mart\u00edn","isPartOf":{"@id":"https:\/\/maramartin.es\/#website"},"datePublished":"2024-02-29T10:47:49+00:00","description":"O territorio da Denominaci\u00f3n de Orixe Monterrei pertence \u00e1 conca do r\u00edo Douro, onde desemboca o r\u00edo T\u00e1mega, que atravesa a rexi\u00f3n da denominaci\u00f3n de norte a sur.","breadcrumb":{"@id":"https:\/\/maramartin.es\/gl\/d-o-monterrei\/#breadcrumb"},"inLanguage":"gl-ES","potentialAction":[{"@type":"ReadAction","target":["https:\/\/maramartin.es\/gl\/d-o-monterrei\/"]}]},{"@type":"BreadcrumbList","@id":"https:\/\/maramartin.es\/gl\/d-o-monterrei\/#breadcrumb","itemListElement":[{"@type":"ListItem","position":1,"name":"Portada","item":"https:\/\/maramartin.es\/gl\/"},{"@type":"ListItem","position":2,"name":"D.O. Monterrei"}]},{"@type":"WebSite","@id":"https:\/\/maramartin.es\/#website","url":"https:\/\/maramartin.es\/","name":"Mara Mart\u00edn","description":"Vino godello de la D.O. Monterrei","potentialAction":[{"@type":"SearchAction","target":{"@type":"EntryPoint","urlTemplate":"https:\/\/maramartin.es\/?s={search_term_string}"},"query-input":{"@type":"PropertyValueSpecification","valueRequired":true,"valueName":"search_term_string"}}],"inLanguage":"gl-ES"}]}},"_links":{"self":[{"href":"https:\/\/maramartin.es\/gl\/wp-json\/wp\/v2\/pages\/363","targetHints":{"allow":["GET"]}}],"collection":[{"href":"https:\/\/maramartin.es\/gl\/wp-json\/wp\/v2\/pages"}],"about":[{"href":"https:\/\/maramartin.es\/gl\/wp-json\/wp\/v2\/types\/page"}],"author":[{"embeddable":true,"href":"https:\/\/maramartin.es\/gl\/wp-json\/wp\/v2\/users\/1"}],"replies":[{"embeddable":true,"href":"https:\/\/maramartin.es\/gl\/wp-json\/wp\/v2\/comments?post=363"}],"version-history":[{"count":0,"href":"https:\/\/maramartin.es\/gl\/wp-json\/wp\/v2\/pages\/363\/revisions"}],"wp:attachment":[{"href":"https:\/\/maramartin.es\/gl\/wp-json\/wp\/v2\/media?parent=363"}],"curies":[{"name":"wp","href":"https:\/\/api.w.org\/{rel}","templated":true}]}}